{"id":1595,"date":"2021-09-04T20:40:38","date_gmt":"2021-09-04T18:40:38","guid":{"rendered":"https:\/\/www.arctik.eu\/teams\/cedric-hananel\/"},"modified":"2023-02-10T20:39:44","modified_gmt":"2023-02-10T19:39:44","slug":"cedric-hananel","status":"publish","type":"teams","link":"https:\/\/www.arctik.eu\/fr\/teams\/cedric-hananel\/","title":{"rendered":"C\u00e9dric Hananel"},"content":{"rendered":"\n<p>C\u00e9dric Hananel est le directeur d\u2019Arctik, l\u2019agence de communication du groupe Technopolis.<\/p>\n\n\n\n<p>Depuis 2011, il met en avant des strat\u00e9gies de communication efficaces et centr\u00e9es sur l&rsquo;excellence op\u00e9rationnelle. Expert en communication institutionnelle et environnementale, C\u00e9dric s&rsquo;engage \u00e0 d\u00e9velopper des solutions pour un engagement positif des parties prenantes et des activit\u00e9s ax\u00e9es sur l&rsquo;impact et la cr\u00e9ativit\u00e9.<\/p>\n\n\n\n<p>C\u00e9dric est titulaire d&rsquo;un Master en sociologie de l&rsquo;universit\u00e9 de Louvain (Belgique) et d&rsquo;un Master en d\u00e9veloppement durable de l&rsquo;universit\u00e9 Brandeis, \u00e0 Boston (Etats-Unis). De 2014 \u00e0 2016, il a \u00e9t\u00e9 coordinateur\/enseignant en communication environnementale \u00e0 l&rsquo;IHECS Academy (Belgique). Il est co-auteur du livre <em>L&rsquo;\u00e9conomie circulaire en R\u00e9gion de Bruxelles-Capitale<\/em>, publi\u00e9 en 2020.<\/p>\n","protected":false},"featured_media":3355,"template":"","class_list":["post-1595","teams","type-teams","status-publish","has-post-thumbnail","hentry"],"acf":[],"yoast_head":"<!-- This site is optimized with the Yoast SEO Premium plugin v18.1 (Yoast SEO v26.3) - https:\/\/yoast.com\/wordpress\/plugins\/seo\/ -->\n<title>C\u00e9dric Hananel - Arctik<\/title>\n<meta name=\"robots\" content=\"index, follow, max-snippet:-1, max-image-preview:large, max-video-preview:-1\" \/>\n<link rel=\"canonical\" href=\"https:\/\/www.arctik.eu\/teams\/cedric-hananel\/\" \/>\n<meta property=\"og:locale\" content=\"fr_FR\" \/>\n<meta property=\"og:type\" content=\"article\" \/>\n<meta property=\"og:title\" content=\"C\u00e9dric Hananel\" \/>\n<meta property=\"og:description\" content=\"C\u00e9dric Hananel est le directeur d\u2019Arctik, l\u2019agence de communication du groupe Technopolis. Depuis 2011, il met en avant des strat\u00e9gies de communication efficaces et centr\u00e9es sur l&rsquo;excellence op\u00e9rationnelle. Expert en communication institutionnelle et environnementale, C\u00e9dric s&rsquo;engage \u00e0 d\u00e9velopper des solutions pour un engagement positif des parties prenantes et des activit\u00e9s ax\u00e9es sur l&rsquo;impact et la [&hellip;]\" \/>\n<meta property=\"og:url\" content=\"https:\/\/www.arctik.eu\/teams\/cedric-hananel\/\" \/>\n<meta property=\"og:site_name\" content=\"Arctik\" \/>\n<meta property=\"article:modified_time\" content=\"2023-02-10T19:39:44+00:00\" \/>\n<meta property=\"og:image\" content=\"https:\/\/www.arctik.eu\/wp-content\/uploads\/2021\/09\/Cedric-844x844.png\" \/>\n\t<meta property=\"og:image:width\" content=\"844\" \/>\n\t<meta property=\"og:image:height\" content=\"844\" \/>\n\t<meta property=\"og:image:type\" content=\"image\/png\" \/>\n<meta name=\"twitter:card\" content=\"summary_large_image\" \/>\n<meta name=\"twitter:label1\" content=\"Dur\u00e9e de lecture estim\u00e9e\" \/>\n\t<meta name=\"twitter:data1\" content=\"1 minute\" \/>\n<script type=\"application\/ld+json\" class=\"yoast-schema-graph\">{\"@context\":\"https:\/\/schema.org\",\"@graph\":[{\"@type\":\"WebPage\",\"@id\":\"https:\/\/www.arctik.eu\/teams\/cedric-hananel\/\",\"url\":\"https:\/\/www.arctik.eu\/teams\/cedric-hananel\/\",\"name\":\"C\u00e9dric Hananel - Arctik\",\"isPartOf\":{\"@id\":\"https:\/\/www.arctik.eu\/#website\"},\"primaryImageOfPage\":{\"@id\":\"https:\/\/www.arctik.eu\/teams\/cedric-hananel\/#primaryimage\"},\"image\":{\"@id\":\"https:\/\/www.arctik.eu\/teams\/cedric-hananel\/#primaryimage\"},\"thumbnailUrl\":\"https:\/\/www.arctik.eu\/wp-content\/uploads\/2021\/09\/Cedric.png\",\"datePublished\":\"2021-09-04T18:40:38+00:00\",\"dateModified\":\"2023-02-10T19:39:44+00:00\",\"breadcrumb\":{\"@id\":\"https:\/\/www.arctik.eu\/teams\/cedric-hananel\/#breadcrumb\"},\"inLanguage\":\"fr-FR\",\"potentialAction\":[{\"@type\":\"ReadAction\",\"target\":[\"https:\/\/www.arctik.eu\/teams\/cedric-hananel\/\"]}]},{\"@type\":\"ImageObject\",\"inLanguage\":\"fr-FR\",\"@id\":\"https:\/\/www.arctik.eu\/teams\/cedric-hananel\/#primaryimage\",\"url\":\"https:\/\/www.arctik.eu\/wp-content\/uploads\/2021\/09\/Cedric.png\",\"contentUrl\":\"https:\/\/www.arctik.eu\/wp-content\/uploads\/2021\/09\/Cedric.png\",\"width\":2000,\"height\":2000},{\"@type\":\"BreadcrumbList\",\"@id\":\"https:\/\/www.arctik.eu\/teams\/cedric-hananel\/#breadcrumb\",\"itemListElement\":[{\"@type\":\"ListItem\",\"position\":1,\"name\":\"Home\",\"item\":\"https:\/\/www.arctik.eu\/fr\/homepage\/\"},{\"@type\":\"ListItem\",\"position\":2,\"name\":\"C\u00e9dric Hananel\"}]},{\"@type\":\"WebSite\",\"@id\":\"https:\/\/www.arctik.eu\/#website\",\"url\":\"https:\/\/www.arctik.eu\/\",\"name\":\"Arctik\",\"description\":\"Communication for sustainability\",\"publisher\":{\"@id\":\"https:\/\/www.arctik.eu\/#organization\"},\"potentialAction\":[{\"@type\":\"SearchAction\",\"target\":{\"@type\":\"EntryPoint\",\"urlTemplate\":\"https:\/\/www.arctik.eu\/?s={search_term_string}\"},\"query-input\":{\"@type\":\"PropertyValueSpecification\",\"valueRequired\":true,\"valueName\":\"search_term_string\"}}],\"inLanguage\":\"fr-FR\"},{\"@type\":\"Organization\",\"@id\":\"https:\/\/www.arctik.eu\/#organization\",\"name\":\"Arctik - Communication for Sustainability\",\"url\":\"https:\/\/www.arctik.eu\/\",\"logo\":{\"@type\":\"ImageObject\",\"inLanguage\":\"fr-FR\",\"@id\":\"https:\/\/www.arctik.eu\/#\/schema\/logo\/image\/\",\"url\":\"https:\/\/www.arctik.eu\/wp-content\/uploads\/2022\/03\/arctik-communication-social-network.jpg\",\"contentUrl\":\"https:\/\/www.arctik.eu\/wp-content\/uploads\/2022\/03\/arctik-communication-social-network.jpg\",\"width\":1200,\"height\":630,\"caption\":\"Arctik - Communication for Sustainability\"},\"image\":{\"@id\":\"https:\/\/www.arctik.eu\/#\/schema\/logo\/image\/\"}}]}<\/script>\n<!-- \/ Yoast SEO Premium plugin. -->","yoast_head_json":{"title":"C\u00e9dric Hananel - Arctik","robots":{"index":"index","follow":"follow","max-snippet":"max-snippet:-1","max-image-preview":"max-image-preview:large","max-video-preview":"max-video-preview:-1"},"canonical":"https:\/\/www.arctik.eu\/teams\/cedric-hananel\/","og_locale":"fr_FR","og_type":"article","og_title":"C\u00e9dric Hananel","og_description":"C\u00e9dric Hananel est le directeur d\u2019Arctik, l\u2019agence de communication du groupe Technopolis. Depuis 2011, il met en avant des strat\u00e9gies de communication efficaces et centr\u00e9es sur l&rsquo;excellence op\u00e9rationnelle. Expert en communication institutionnelle et environnementale, C\u00e9dric s&rsquo;engage \u00e0 d\u00e9velopper des solutions pour un engagement positif des parties prenantes et des activit\u00e9s ax\u00e9es sur l&rsquo;impact et la [&hellip;]","og_url":"https:\/\/www.arctik.eu\/teams\/cedric-hananel\/","og_site_name":"Arctik","article_modified_time":"2023-02-10T19:39:44+00:00","og_image":[{"width":844,"height":844,"url":"https:\/\/www.arctik.eu\/wp-content\/uploads\/2021\/09\/Cedric-844x844.png","type":"image\/png"}],"twitter_card":"summary_large_image","twitter_misc":{"Dur\u00e9e de lecture estim\u00e9e":"1 minute"},"schema":{"@context":"https:\/\/schema.org","@graph":[{"@type":"WebPage","@id":"https:\/\/www.arctik.eu\/teams\/cedric-hananel\/","url":"https:\/\/www.arctik.eu\/teams\/cedric-hananel\/","name":"C\u00e9dric Hananel - Arctik","isPartOf":{"@id":"https:\/\/www.arctik.eu\/#website"},"primaryImageOfPage":{"@id":"https:\/\/www.arctik.eu\/teams\/cedric-hananel\/#primaryimage"},"image":{"@id":"https:\/\/www.arctik.eu\/teams\/cedric-hananel\/#primaryimage"},"thumbnailUrl":"https:\/\/www.arctik.eu\/wp-content\/uploads\/2021\/09\/Cedric.png","datePublished":"2021-09-04T18:40:38+00:00","dateModified":"2023-02-10T19:39:44+00:00","breadcrumb":{"@id":"https:\/\/www.arctik.eu\/teams\/cedric-hananel\/#breadcrumb"},"inLanguage":"fr-FR","potentialAction":[{"@type":"ReadAction","target":["https:\/\/www.arctik.eu\/teams\/cedric-hananel\/"]}]},{"@type":"ImageObject","inLanguage":"fr-FR","@id":"https:\/\/www.arctik.eu\/teams\/cedric-hananel\/#primaryimage","url":"https:\/\/www.arctik.eu\/wp-content\/uploads\/2021\/09\/Cedric.png","contentUrl":"https:\/\/www.arctik.eu\/wp-content\/uploads\/2021\/09\/Cedric.png","width":2000,"height":2000},{"@type":"BreadcrumbList","@id":"https:\/\/www.arctik.eu\/teams\/cedric-hananel\/#breadcrumb","itemListElement":[{"@type":"ListItem","position":1,"name":"Home","item":"https:\/\/www.arctik.eu\/fr\/homepage\/"},{"@type":"ListItem","position":2,"name":"C\u00e9dric Hananel"}]},{"@type":"WebSite","@id":"https:\/\/www.arctik.eu\/#website","url":"https:\/\/www.arctik.eu\/","name":"Arctik","description":"Communication for sustainability","publisher":{"@id":"https:\/\/www.arctik.eu\/#organization"},"potentialAction":[{"@type":"SearchAction","target":{"@type":"EntryPoint","urlTemplate":"https:\/\/www.arctik.eu\/?s={search_term_string}"},"query-input":{"@type":"PropertyValueSpecification","valueRequired":true,"valueName":"search_term_string"}}],"inLanguage":"fr-FR"},{"@type":"Organization","@id":"https:\/\/www.arctik.eu\/#organization","name":"Arctik - Communication for Sustainability","url":"https:\/\/www.arctik.eu\/","logo":{"@type":"ImageObject","inLanguage":"fr-FR","@id":"https:\/\/www.arctik.eu\/#\/schema\/logo\/image\/","url":"https:\/\/www.arctik.eu\/wp-content\/uploads\/2022\/03\/arctik-communication-social-network.jpg","contentUrl":"https:\/\/www.arctik.eu\/wp-content\/uploads\/2022\/03\/arctik-communication-social-network.jpg","width":1200,"height":630,"caption":"Arctik - Communication for Sustainability"},"image":{"@id":"https:\/\/www.arctik.eu\/#\/schema\/logo\/image\/"}}]}},"_links":{"self":[{"href":"https:\/\/www.arctik.eu\/fr\/wp-json\/wp\/v2\/teams\/1595","targetHints":{"allow":["GET"]}}],"collection":[{"href":"https:\/\/www.arctik.eu\/fr\/wp-json\/wp\/v2\/teams"}],"about":[{"href":"https:\/\/www.arctik.eu\/fr\/wp-json\/wp\/v2\/types\/teams"}],"wp:featuredmedia":[{"embeddable":true,"href":"https:\/\/www.arctik.eu\/fr\/wp-json\/wp\/v2\/media\/3355"}],"wp:attachment":[{"href":"https:\/\/www.arctik.eu\/fr\/wp-json\/wp\/v2\/media?parent=1595"}],"curies":[{"name":"wp","href":"https:\/\/api.w.org\/{rel}","templated":true}]}}